{"id":387003,"date":"2024-01-05T23:52:08","date_gmt":"2024-01-05T23:52:08","guid":{"rendered":"https:\/\/medandbeauty.com\/product\/lekarske-saty-premium-black\/"},"modified":"2026-04-28T15:23:50","modified_gmt":"2026-04-28T13:23:50","slug":"lekarske-saty-premium-black","status":"publish","type":"product","link":"https:\/\/medandbeauty.com\/cs\/product\/lekarske-saty-premium-black\/","title":{"rendered":"L\u00e9ka\u0159sk\u00e9 \u0161aty Premium BLACK"},"content":{"rendered":"<p>&nbsp;<\/p>\n<h2>\u010cern\u00e9 l\u00e9ka\u0159sk\u00e9 \u0161aty od Med&amp;Beauty<\/h2>\n<p><strong>V\u00e1zan\u00e9 \u010dern\u00e9 l\u00e9ka\u0159sk\u00e9 \u0161aty z \u0159ady Premium<\/strong> jsou nejklasi\u010dt\u011bj\u0161\u00edm modelem ze v\u0161ech <strong>l\u00e9ka\u0159sk\u00fdch \u0161at\u016f <a href=\"https:\/\/medandbeauty.com\/cs\/shop\/pro-ni\/kolekce-premium\/\" target=\"_blank\" rel=\"noopener\">Med &amp; Beauty Premium<\/a>.<\/strong><\/p>\n<p>Zapome\u0148te na nepohodln\u00e9 a neforemn\u00e9 l\u00e9ka\u0159sk\u00e9 uniformy &#8211; je \u010das na elegantn\u00ed \u010dern\u00e9 l\u00e9ka\u0159sk\u00e9 \u0161aty, kter\u00e9 zd\u016frazn\u00ed \u017eenskou postavu a poskytnou maxim\u00e1ln\u00ed pohodl\u00ed.<\/p>\n<p>V\u011bd\u011bli jste, \u017ee pacienti a klienti st\u00e1le v\u00edce dbaj\u00ed na to, jak jste p\u0159i sv\u00e9 pr\u00e1ci oble\u010deni?<\/p>\n<p>\u00dahledn\u00fdm a elegantn\u00edm <strong>l\u00e9ka\u0159sk\u00fdm oble\u010den\u00edm v \u010dern\u00e9 kravat\u011b<\/strong> nejen zlep\u0161\u00edte svou pohodu, ale tak\u00e9 zd\u016frazn\u00edte svou profesionalitu a z\u00edsk\u00e1te tak v o\u010d\u00edch pacient\u016f a klient\u016f.<\/p>\n<h2>\u010cern\u00e9 l\u00e9ka\u0159sk\u00e9 \u0161aty &#8211; materi\u00e1ly<\/h2>\n<p>\u010cern\u00e9 v\u00e1zan\u00e9 l\u00e9ka\u0159sk\u00e9 \u0161aty z<strong> <a href=\"https:\/\/medandbeauty.com\/cs\/shop\/pro-ni\/kolekce-premium\/\" target=\"_blank\" rel=\"noopener\">Kolekce Premium<\/a><\/strong> byly u\u0161ity z 80 % z vysoce kvalitn\u00ed bavlny v kombinaci s nylonem a lycrou. D\u00edky t\u00e9to kombinaci vl\u00e1ken je tkanina m\u011bkk\u00e1 a prody\u0161n\u00e1 a, <strong>co\u017e je u zdravotnick\u00fdch \u0161at\u016f<\/strong> velmi <strong>d\u016fle\u017eit\u00e9, nema\u010dk\u00e1 se!<\/strong><\/p>\n<p>Pas a modeluj\u00edc\u00ed z\u00e1\u0161evky dokonale tvaruj\u00ed postavu a zd\u016fraz\u0148uj\u00ed v\u0161echny jej\u00ed p\u0159ednosti, zat\u00edmco klasick\u00fd v\u00fdst\u0159ih s elegantn\u00edm l\u00edme\u010dkem podtrhuje nad\u010dasovost tohoto modelu.<\/p>\n<p><strong>Pr\u00e9miov\u00e9 l\u00e9ka\u0159sk\u00e9 \u010dern\u00e9 \u0161aty<\/strong> sahaj\u00ed m\u00edrn\u011b pod kolena, tak\u017ee maj\u00ed ide\u00e1ln\u00ed d\u00e9lku pro maxim\u00e1ln\u00ed pohodl\u00ed p\u0159i pr\u00e1ci. Ruk\u00e1vy v d\u00e9lce 7\/8 chr\u00e1n\u00ed ramena a neomezuj\u00ed v pohybu. <\/p>\n<p>Pokud si cen\u00edte pohodl\u00ed, minimalismu a profesion\u00e1ln\u00edho vzhledu v pr\u00e1ci, zvolte <strong>pr\u00e9miov\u00e9 \u010dern\u00e9 v\u00e1zan\u00e9 l\u00e9ka\u0159sk\u00e9 \u0161aty<\/strong>. Jak\u00e9 vlastnosti maj\u00ed na\u0161e \u010dern\u00e9 l\u00e9ka\u0159sk\u00e9 \u0161aty? <\/p>\n<ul>\n<li>origin\u00e1ln\u00ed v\u00fdst\u0159ih s elegantn\u00edm l\u00edmcem,<\/li>\n<li>rovn\u00e9 ruk\u00e1vy 7\/8,<\/li>\n<li>Klasick\u00fd st\u0159ih s d\u00e9lkou ke kolen\u016fm,<\/li>\n<li>Pro\u0161it\u00ed a p\u00e1sek zv\u00fdraz\u0148uj\u00edc\u00ed siluetu,<\/li>\n<li>je mo\u017en\u00e1 personalizace formou v\u00fd\u0161ivky.<\/li>\n<\/ul>\n<p><strong>Dal\u0161\u00ed informace:<\/strong> Modelky na fotografi\u00edch maj\u00ed na sob\u011b \u010dern\u00e9 zdravotn\u00ed \u0161aty velikosti S a jsou vysok\u00e9 170-174 cm.<\/p>\n<p>Pokud si nev\u00edte rady s v\u00fdb\u011brem velikosti, pod\u00edvejte se na tabulku velikost\u00ed. Pokud m\u00e1te dal\u0161\u00ed pochybnosti &#8211; po\u0161lete n\u00e1m sv\u00e9 m\u00edry a my v\u00e1m je p\u0159izp\u016fsob\u00edme. <\/p>\n<p>Barvy od\u011bv\u016f v <a href=\"https:\/\/medandbeauty.com\/cs\/shop\/pro-ni\/kolekce-premium\/\" target=\"_blank\" rel=\"noopener\">kolekci Premium<\/a> neodpov\u00eddaj\u00ed barv\u00e1m od\u011bv\u016f v <a href=\"https:\/\/medandbeauty.com\/cs\/shop\/pro-ni\/zakladni-kolekce\/\" target=\"_blank\" rel=\"noopener\">kolekci Basic<\/a> &#8211; jsou vyrobeny z jin\u00fdch materi\u00e1l\u016f.<\/p>\n<p>N\u00e1\u0161 <a href=\"https:\/\/medandbeauty.com\/cs\/\">obchod se zdravotnick\u00fdm oble\u010den\u00edm<\/a> nab\u00edz\u00ed:<\/p>\n<ul>\n<li><a href=\"https:\/\/medandbeauty.com\/cs\/shop\/pro-ni\/\" target=\"_new\" rel=\"noopener\">d\u00e1msk\u00e9 zdravotnick\u00e9 oble\u010den\u00ed<\/a>,<\/li>\n<li><a href=\"https:\/\/medandbeauty.com\/cs\/rodzaj-ubrania\/zdravotnicke-saty\/\" target=\"_new\" rel=\"noopener\">l\u00e9ka\u0159sk\u00e9 \u0161aty<\/a>,<\/li>\n<li><a href=\"https:\/\/medandbeauty.com\/cs\/product\/lekarske-saty-se-zipem-premium-black\/\" target=\"_new\" rel=\"noopener\">l\u00e9ka\u0159sk\u00e9 \u0161aty na zip \u010dern\u00e9<\/a>,<\/li>\n<li><a href=\"https:\/\/medandbeauty.com\/cs\/product\/lekarske-obalkove-saty-s-kratkym-rukavem-premium-black\/\" target=\"_new\" rel=\"noopener\">l\u00e9ka\u0159sk\u00e9 ob\u00e1lkov\u00e9 \u0161aty \u010dern\u00e9.<\/a><\/li>\n<\/ul>\n<p>Odst\u00edny jednotliv\u00fdch od\u011bv\u016f na fotografi\u00edch se mohou li\u0161it od skute\u010dn\u00fdch &#8211; to je zp\u016fsobeno r\u016fznorodost\u00ed dostupn\u00fdch elektronick\u00fdch za\u0159\u00edzen\u00ed a jejich individu\u00e1ln\u00edm nastaven\u00edm.<\/p>\n<p>Vyz\u00fdv\u00e1me v\u00e1s k objedn\u00e1vk\u00e1m.<\/p>\n","protected":false},"excerpt":{"rendered":"<p>&nbsp; \u010cern\u00e9 l\u00e9ka\u0159sk\u00e9 \u0161aty od Med&amp;Beauty V\u00e1zan\u00e9 \u010dern\u00e9 l\u00e9ka\u0159sk\u00e9 \u0161aty z \u0159ady Premium jsou nejklasi\u010dt\u011bj\u0161\u00edm modelem ze v\u0161ech l\u00e9ka\u0159sk\u00fdch \u0161at\u016f Med &amp; Beauty Premium. Zapome\u0148te na nepohodln\u00e9 a neforemn\u00e9 l\u00e9ka\u0159sk\u00e9 uniformy &#8211; je \u010das na elegantn\u00ed \u010dern\u00e9 l\u00e9ka\u0159sk\u00e9 \u0161aty, kter\u00e9 zd\u016frazn\u00ed \u017eenskou postavu a poskytnou maxim\u00e1ln\u00ed pohodl\u00ed. V\u011bd\u011bli jste, \u017ee pacienti a klienti st\u00e1le v\u00edce [&hellip;]<\/p>\n","protected":false},"featured_media":387004,"comment_status":"open","ping_status":"closed","template":"","meta":{"_acf_changed":false,"inline_featured_image":false},"kolor":[1172],"rodzaj-ubrania":[1161],"ubranie":[1358],"product_brand":[],"product_cat":[1159,1029,1160],"product_tag":[1357],"class_list":{"0":"post-387003","1":"product","2":"type-product","3":"status-publish","4":"has-post-thumbnail","6":"kolor-czernie-cs","7":"rodzaj-ubrania-zdravotnicke-saty","8":"ubranie-premiove-vazane-lekarske-saty","9":"product_cat-kolekce-premium","10":"product_cat-pro-ni","11":"product_cat-zdravotnicke-saty","12":"product_tag-kosmeticke-saty","14":"first","15":"instock","16":"taxable","17":"shipping-taxable","18":"purchasable","19":"product-type-variable"},"acf":[],"_links":{"self":[{"href":"https:\/\/medandbeauty.com\/cs\/wp-json\/wp\/v2\/product\/387003","targetHints":{"allow":["GET"]}}],"collection":[{"href":"https:\/\/medandbeauty.com\/cs\/wp-json\/wp\/v2\/product"}],"about":[{"href":"https:\/\/medandbeauty.com\/cs\/wp-json\/wp\/v2\/types\/product"}],"replies":[{"embeddable":true,"href":"https:\/\/medandbeauty.com\/cs\/wp-json\/wp\/v2\/comments?post=387003"}],"wp:featuredmedia":[{"embeddable":true,"href":"https:\/\/medandbeauty.com\/cs\/wp-json\/wp\/v2\/media\/387004"}],"wp:attachment":[{"href":"https:\/\/medandbeauty.com\/cs\/wp-json\/wp\/v2\/media?parent=387003"}],"wp:term":[{"taxonomy":"kolor","embeddable":true,"href":"https:\/\/medandbeauty.com\/cs\/wp-json\/wp\/v2\/kolor?post=387003"},{"taxonomy":"rodzaj-ubrania","embeddable":true,"href":"https:\/\/medandbeauty.com\/cs\/wp-json\/wp\/v2\/rodzaj-ubrania?post=387003"},{"taxonomy":"ubranie","embeddable":true,"href":"https:\/\/medandbeauty.com\/cs\/wp-json\/wp\/v2\/ubranie?post=387003"},{"taxonomy":"product_brand","embeddable":true,"href":"https:\/\/medandbeauty.com\/cs\/wp-json\/wp\/v2\/product_brand?post=387003"},{"taxonomy":"product_cat","embeddable":true,"href":"https:\/\/medandbeauty.com\/cs\/wp-json\/wp\/v2\/product_cat?post=387003"},{"taxonomy":"product_tag","embeddable":true,"href":"https:\/\/medandbeauty.com\/cs\/wp-json\/wp\/v2\/product_tag?post=387003"}],"curies":[{"name":"wp","href":"https:\/\/api.w.org\/{rel}","templated":true}]}}